{"version":"1.0","provider_name":"Organizaci\u00f3n Mundial de Antiguos  Alumnos de la Educaci\u00f3n Cat\u00f3lica","provider_url":"https:\/\/www.omaec.org\/fr\/","title":"OMAEC - Pr\u00e9sident et Secr\u00e9taire g\u00e9n\u00e9ral - Organizaci\u00f3n Mundial de Antiguos Alumnos de la Educaci\u00f3n Cat\u00f3lica","type":"rich","width":600,"height":338,"html":"<blockquote class=\"wp-embedded-content\" data-secret=\"lN36uczHBc\"><a href=\"https:\/\/www.omaec.org\/fr\/omaec-president-et-secretaire-general\/\">OMAEC &#8211; Pr\u00e9sident et Secr\u00e9taire g\u00e9n\u00e9ral<\/a><\/blockquote><iframe sandbox=\"allow-scripts\" security=\"restricted\" src=\"https:\/\/www.omaec.org\/fr\/omaec-president-et-secretaire-general\/embed\/#?secret=lN36uczHBc\" width=\"600\" height=\"338\" title=\"\u00ab\u00a0OMAEC &#8211; Pr\u00e9sident et Secr\u00e9taire g\u00e9n\u00e9ral\u00a0\u00bb &#8212; Organizaci\u00f3n Mundial de Antiguos  Alumnos de la Educaci\u00f3n Cat\u00f3lica\" data-secret=\"lN36uczHBc\" frameborder=\"0\" marginwidth=\"0\" marginheight=\"0\" scrolling=\"no\" class=\"wp-embedded-content\"><\/iframe><script type=\"text\/javascript\">\n\/* <![CDATA[ *\/\n\/*! This file is auto-generated *\/\n!function(d,l){\"use strict\";l.querySelector&&d.addEventListener&&\"undefined\"!=typeof URL&&(d.wp=d.wp||{},d.wp.receiveEmbedMessage||(d.wp.receiveEmbedMessage=function(e){var t=e.data;if((t||t.secret||t.message||t.value)&&!\/[^a-zA-Z0-9]\/.test(t.secret)){for(var s,r,n,a=l.querySelectorAll('iframe[data-secret=\"'+t.secret+'\"]'),o=l.querySelectorAll('blockquote[data-secret=\"'+t.secret+'\"]'),c=new RegExp(\"^https?:$\",\"i\"),i=0;i<o.length;i++)o[i].style.display=\"none\";for(i=0;i<a.length;i++)s=a[i],e.source===s.contentWindow&&(s.removeAttribute(\"style\"),\"height\"===t.message?(1e3<(r=parseInt(t.value,10))?r=1e3:~~r<200&&(r=200),s.height=r):\"link\"===t.message&&(r=new URL(s.getAttribute(\"src\")),n=new URL(t.value),c.test(n.protocol))&&n.host===r.host&&l.activeElement===s&&(d.top.location.href=t.value))}},d.addEventListener(\"message\",d.wp.receiveEmbedMessage,!1),l.addEventListener(\"DOMContentLoaded\",function(){for(var e,t,s=l.querySelectorAll(\"iframe.wp-embedded-content\"),r=0;r<s.length;r++)(t=(e=s[r]).getAttribute(\"data-secret\"))||(t=Math.random().toString(36).substring(2,12),e.src+=\"#?secret=\"+t,e.setAttribute(\"data-secret\",t)),e.contentWindow.postMessage({message:\"ready\",secret:t},\"*\")},!1)))}(window,document);\n\/* ]]> *\/\n<\/script>\n","thumbnail_url":"https:\/\/www.omaec.org\/wp-content\/uploads\/2020\/11\/JA-y-JR.jpg","thumbnail_width":1600,"thumbnail_height":1200,"description":"Nous arrivons \u00e0 la fin d&rsquo;une \u00e9tape importante de notre vie, apr\u00e8s avoir consacr\u00e9 quelques ann\u00e9es au service des anciens \u00e9l\u00e8ves de l&rsquo;enseignement catholique, par l&rsquo;interm\u00e9diaire de leurs associations locales, de leurs f\u00e9d\u00e9rations nationales, unions continentales et de leurs unions mondiales. Compte tenu de la grande richesse qui existe entre les diff\u00e9rentes cultures, coutumes, pays, (more...)"}