{"version":"1.0","provider_name":"Organizaci\u00f3n Mundial de Antiguos  Alumnos de la Educaci\u00f3n Cat\u00f3lica","provider_url":"https:\/\/www.omaec.org\/fr\/","title":"Nou connaissons ALFONSO GIRALDO SAAVEDRA - Organizaci\u00f3n Mundial de Antiguos Alumnos de la Educaci\u00f3n Cat\u00f3lica","type":"rich","width":600,"height":338,"html":"<blockquote class=\"wp-embedded-content\" data-secret=\"o7ymJXYK0l\"><a href=\"https:\/\/www.omaec.org\/fr\/nou-connaissons-alfonso-giraldo-saavedra\/\">Nou connaissons ALFONSO GIRALDO SAAVEDRA<\/a><\/blockquote><iframe sandbox=\"allow-scripts\" security=\"restricted\" src=\"https:\/\/www.omaec.org\/fr\/nou-connaissons-alfonso-giraldo-saavedra\/embed\/#?secret=o7ymJXYK0l\" width=\"600\" height=\"338\" title=\"\u00ab\u00a0Nou connaissons ALFONSO GIRALDO SAAVEDRA\u00a0\u00bb &#8212; Organizaci\u00f3n Mundial de Antiguos  Alumnos de la Educaci\u00f3n Cat\u00f3lica\" data-secret=\"o7ymJXYK0l\" frameborder=\"0\" marginwidth=\"0\" marginheight=\"0\" scrolling=\"no\" class=\"wp-embedded-content\"><\/iframe><script type=\"text\/javascript\">\n\/* <![CDATA[ *\/\n\/*! This file is auto-generated *\/\n!function(d,l){\"use strict\";l.querySelector&&d.addEventListener&&\"undefined\"!=typeof URL&&(d.wp=d.wp||{},d.wp.receiveEmbedMessage||(d.wp.receiveEmbedMessage=function(e){var t=e.data;if((t||t.secret||t.message||t.value)&&!\/[^a-zA-Z0-9]\/.test(t.secret)){for(var s,r,n,a=l.querySelectorAll('iframe[data-secret=\"'+t.secret+'\"]'),o=l.querySelectorAll('blockquote[data-secret=\"'+t.secret+'\"]'),c=new RegExp(\"^https?:$\",\"i\"),i=0;i<o.length;i++)o[i].style.display=\"none\";for(i=0;i<a.length;i++)s=a[i],e.source===s.contentWindow&&(s.removeAttribute(\"style\"),\"height\"===t.message?(1e3<(r=parseInt(t.value,10))?r=1e3:~~r<200&&(r=200),s.height=r):\"link\"===t.message&&(r=new URL(s.getAttribute(\"src\")),n=new URL(t.value),c.test(n.protocol))&&n.host===r.host&&l.activeElement===s&&(d.top.location.href=t.value))}},d.addEventListener(\"message\",d.wp.receiveEmbedMessage,!1),l.addEventListener(\"DOMContentLoaded\",function(){for(var e,t,s=l.querySelectorAll(\"iframe.wp-embedded-content\"),r=0;r<s.length;r++)(t=(e=s[r]).getAttribute(\"data-secret\"))||(t=Math.random().toString(36).substring(2,12),e.src+=\"#?secret=\"+t,e.setAttribute(\"data-secret\",t)),e.contentWindow.postMessage({message:\"ready\",secret:t},\"*\")},!1)))}(window,document);\n\/* ]]> *\/\n<\/script>\n","thumbnail_url":"https:\/\/www.omaec.org\/wp-content\/uploads\/2020\/12\/Alf.jpg","thumbnail_width":2617,"thumbnail_height":2617,"description":"Alfonso Giraldo Saavedra, nouveau pr\u00e9sident de l&rsquo;OMAEC, \u00e9lu lors de l&rsquo;assembl\u00e9e g\u00e9n\u00e9rale du 28 novembre 2020 De nationalit\u00e9 colombienne, n\u00e9 le 5 juillet 1960.\u00a0Il est mari\u00e9 avec deux fils. Il parle espagnol et italien. Ancien \u00e9l\u00e8ve du Coll\u00e8ge sal\u00e9sien de L\u00e9on XIII de Bogota, promotion 1979. Avocat dipl\u00f4m\u00e9 de l\u2019Universit\u00e9 Santo Tom\u00e1s de Bogota, 1988. (more...)"}