{"version":"1.0","provider_name":"Organizaci\u00f3n Mundial de Antiguos  Alumnos de la Educaci\u00f3n Cat\u00f3lica","provider_url":"https:\/\/www.omaec.org\/fr\/","title":"LIBAN, F\u00caTE DE L'ANNONCIATION - Organizaci\u00f3n Mundial de Antiguos Alumnos de la Educaci\u00f3n Cat\u00f3lica","type":"rich","width":600,"height":338,"html":"<blockquote class=\"wp-embedded-content\" data-secret=\"Aduwi4lKph\"><a href=\"https:\/\/www.omaec.org\/fr\/4191\/\">LIBAN, F\u00caTE DE L&rsquo;ANNONCIATION<\/a><\/blockquote><iframe sandbox=\"allow-scripts\" security=\"restricted\" src=\"https:\/\/www.omaec.org\/fr\/4191\/embed\/#?secret=Aduwi4lKph\" width=\"600\" height=\"338\" title=\"\u00ab\u00a0LIBAN, F\u00caTE DE L&rsquo;ANNONCIATION\u00a0\u00bb &#8212; Organizaci\u00f3n Mundial de Antiguos  Alumnos de la Educaci\u00f3n Cat\u00f3lica\" data-secret=\"Aduwi4lKph\" frameborder=\"0\" marginwidth=\"0\" marginheight=\"0\" scrolling=\"no\" class=\"wp-embedded-content\"><\/iframe><script type=\"text\/javascript\">\n\/* <![CDATA[ *\/\n\/*! This file is auto-generated *\/\n!function(d,l){\"use strict\";l.querySelector&&d.addEventListener&&\"undefined\"!=typeof URL&&(d.wp=d.wp||{},d.wp.receiveEmbedMessage||(d.wp.receiveEmbedMessage=function(e){var t=e.data;if((t||t.secret||t.message||t.value)&&!\/[^a-zA-Z0-9]\/.test(t.secret)){for(var s,r,n,a=l.querySelectorAll('iframe[data-secret=\"'+t.secret+'\"]'),o=l.querySelectorAll('blockquote[data-secret=\"'+t.secret+'\"]'),c=new RegExp(\"^https?:$\",\"i\"),i=0;i<o.length;i++)o[i].style.display=\"none\";for(i=0;i<a.length;i++)s=a[i],e.source===s.contentWindow&&(s.removeAttribute(\"style\"),\"height\"===t.message?(1e3<(r=parseInt(t.value,10))?r=1e3:~~r<200&&(r=200),s.height=r):\"link\"===t.message&&(r=new URL(s.getAttribute(\"src\")),n=new URL(t.value),c.test(n.protocol))&&n.host===r.host&&l.activeElement===s&&(d.top.location.href=t.value))}},d.addEventListener(\"message\",d.wp.receiveEmbedMessage,!1),l.addEventListener(\"DOMContentLoaded\",function(){for(var e,t,s=l.querySelectorAll(\"iframe.wp-embedded-content\"),r=0;r<s.length;r++)(t=(e=s[r]).getAttribute(\"data-secret\"))||(t=Math.random().toString(36).substring(2,12),e.src+=\"#?secret=\"+t,e.setAttribute(\"data-secret\",t)),e.contentWindow.postMessage({message:\"ready\",secret:t},\"*\")},!1)))}(window,document);\n\/* ]]> *\/\n<\/script>\n","thumbnail_url":"https:\/\/www.omaec.org\/wp-content\/uploads\/2019\/03\/53604405_10158265910494745_3762902469584093184_n.jpg","thumbnail_width":960,"thumbnail_height":720,"description":"LA F\u00caTE NATIONALE DE L\u2019ANNONCIATION AVANCE \u00c0 GRANDS PAS &#8230; La c\u00e9r\u00e9monie centrale aura lieu le lundi 25 mars 2019, \u00e0 17h, au Grand S\u00e9rail, sous le haut patronage et en pr\u00e9sence du premier ministre, Son Excellence M. Saad el Hariri. Elle sera diffus\u00e9e en direct par toutes les cha\u00eenes de t\u00e9l\u00e9vision. R\u00e9union pr\u00e9paratoire qui (more...)"}