{"id":19040,"date":"2021-07-13T02:52:13","date_gmt":"2021-07-13T01:52:13","guid":{"rendered":"https:\/\/www.omaec.org\/?page_id=19040"},"modified":"2023-08-26T08:06:44","modified_gmt":"2023-08-26T07:06:44","slug":"secretariat-of-international-relations","status":"publish","type":"page","link":"https:\/\/www.omaec.org\/en\/secretariat-of-international-relations\/","title":{"rendered":"International Relations Secretariat"},"content":{"rendered":"\t\t<div data-elementor-type=\"wp-page\" data-elementor-id=\"19040\" class=\"elementor elementor-19040 elementor-7373\" data-elementor-post-type=\"page\">\n\t\t\t\t\t\t\t\t\t<section class=\"elementor-section elementor-top-section elementor-element elementor-element-74b8ed5c elementor-section-boxed elementor-section-height-default elementor-section-height-default\" data-id=\"74b8ed5c\" data-element_type=\"section\">\n\t\t\t\t\t\t<div class=\"elementor-container elementor-column-gap-no\">\n\t\t\t\t\t<div class=\"elementor-column elementor-col-100 elementor-top-column elementor-element elementor-element-4760f302\" data-id=\"4760f302\" data-element_type=\"column\">\n\t\t\t<div class=\"elementor-widget-wrap elementor-element-populated\">\n\t\t\t\t\t\t\t\t<div class=\"elementor-element elementor-element-64cbdd25 elementor-align-left elementor-widget elementor-widget-breadcrumbs\" data-id=\"64cbdd25\" data-element_type=\"widget\" data-widget_type=\"breadcrumbs.default\">\n\t\t\t\t<div class=\"elementor-widget-container\">\n\t\t\t<p id=\"breadcrumbs\"><span><span><a href=\"https:\/\/www.omaec.org\/en\/\">Portada<\/a><\/span><\/span><\/p>\t\t<\/div>\n\t\t\t\t<\/div>\n\t\t\t\t\t<\/div>\n\t\t<\/div>\n\t\t\t\t\t\t\t<\/div>\n\t\t<\/section>\n\t\t\t\t<section class=\"elementor-section elementor-top-section elementor-element elementor-element-7895e75c elementor-section-boxed elementor-section-height-default elementor-section-height-default\" data-id=\"7895e75c\" data-element_type=\"section\" data-settings=\"{&quot;background_background&quot;:&quot;classic&quot;}\">\n\t\t\t\t\t\t\t<div class=\"elementor-background-overlay\"><\/div>\n\t\t\t\t\t\t\t<div class=\"elementor-container elementor-column-gap-no\">\n\t\t\t\t\t<div class=\"elementor-column elementor-col-100 elementor-top-column elementor-element elementor-element-6d949e55\" data-id=\"6d949e55\" data-element_type=\"column\">\n\t\t\t<div class=\"elementor-widget-wrap elementor-element-populated\">\n\t\t\t\t\t\t\t\t<div class=\"elementor-element elementor-element-13b0e95c elementor-widget elementor-widget-heading\" data-id=\"13b0e95c\" data-element_type=\"widget\" data-widget_type=\"heading.default\">\n\t\t\t\t<div class=\"elementor-widget-container\">\n\t\t\t<h1 class=\"elementor-heading-title elementor-size-default\">International Relations Secretariat<\/h1>\t\t<\/div>\n\t\t\t\t<\/div>\n\t\t\t\t<div class=\"elementor-element elementor-element-32d96eff elementor-widget elementor-widget-heading\" data-id=\"32d96eff\" data-element_type=\"widget\" data-widget_type=\"heading.default\">\n\t\t\t\t<div class=\"elementor-widget-container\">\n\t\t\t<h3 class=\"elementor-heading-title elementor-size-default\">We maintain and strengthen our relations with international organizations in order to expand the network with new organizations and take advantage of the synergies and specializations that derive from them.<\/h3>\t\t<\/div>\n\t\t\t\t<\/div>\n\t\t\t\t<div class=\"elementor-element elementor-element-1ccdba37 elementor-grid-tablet-3 elementor-grid-3 elementor-grid-mobile-1 elementor-posts--thumbnail-top elementor-widget elementor-widget-posts\" data-id=\"1ccdba37\" data-element_type=\"widget\" data-settings=\"{&quot;classic_row_gap&quot;:{&quot;unit&quot;:&quot;px&quot;,&quot;size&quot;:0,&quot;sizes&quot;:[]},&quot;classic_columns_tablet&quot;:&quot;3&quot;,&quot;classic_row_gap_mobile&quot;:{&quot;unit&quot;:&quot;px&quot;,&quot;size&quot;:19,&quot;sizes&quot;:[]},&quot;classic_columns&quot;:&quot;3&quot;,&quot;classic_columns_mobile&quot;:&quot;1&quot;,&quot;classic_row_gap_tablet&quot;:{&quot;unit&quot;:&quot;px&quot;,&quot;size&quot;:&quot;&quot;,&quot;sizes&quot;:[]}}\" data-widget_type=\"posts.classic\">\n\t\t\t\t<div class=\"elementor-widget-container\">\n\t\t\t\t\t<div class=\"elementor-posts-container elementor-posts elementor-posts--skin-classic elementor-grid\">\n\t\t\t\t<article class=\"elementor-post elementor-grid-item post-21569 post type-post status-publish format-standard has-post-thumbnail hentry category-comunicados-en category-sin-categoria-en\">\n\t\t\t\t<a class=\"elementor-post__thumbnail__link\" href=\"https:\/\/www.omaec.org\/en\/circular-from-the-president-of-omaec\/\" >\n\t\t\t<div class=\"elementor-post__thumbnail\"><img loading=\"lazy\" decoding=\"async\" width=\"300\" height=\"294\" src=\"https:\/\/www.omaec.org\/wp-content\/uploads\/2026\/07\/PRESIDENTE-OMAEC-300x294.jpeg\" class=\"attachment-medium size-medium wp-image-21562\" alt=\"\" srcset=\"https:\/\/www.omaec.org\/wp-content\/uploads\/2026\/07\/PRESIDENTE-OMAEC-300x294.jpeg 300w, https:\/\/www.omaec.org\/wp-content\/uploads\/2026\/07\/PRESIDENTE-OMAEC-24x24.jpeg 24w, https:\/\/www.omaec.org\/wp-content\/uploads\/2026\/07\/PRESIDENTE-OMAEC-48x48.jpeg 48w, https:\/\/www.omaec.org\/wp-content\/uploads\/2026\/07\/PRESIDENTE-OMAEC.jpeg 426w\" sizes=\"auto, (max-width: 300px) 100vw, 300px\" \/><\/div>\n\t\t<\/a>\n\t\t\t\t<div class=\"elementor-post__text\">\n\t\t\t\t<h3 class=\"elementor-post__title\">\n\t\t\t<a href=\"https:\/\/www.omaec.org\/en\/circular-from-the-president-of-omaec\/\" >\n\t\t\t\tCIRCULAR FROM THE PRESIDENT OF OMAEC\t\t\t<\/a>\n\t\t<\/h3>\n\t\t\t\t<div class=\"elementor-post__meta-data\">\n\t\t\t\t\t<span class=\"elementor-post-date\">\n\t\t\t25 July, 2026\t\t<\/span>\n\t\t\t\t<span class=\"elementor-post-avatar\">\n\t\t\tNo Comments\t\t<\/span>\n\t\t\t\t<\/div>\n\t\t\t\t<div class=\"elementor-post__excerpt\">\n\t\t\t<p>CIRCULAR TO THE CONFEDERATIONS, FEDERATIONS AND MEMBER ASSOCIATIONS OF OMAEC Dear Brothers and Sisters,\u00a0\u00a0 Please receive my fraternal greetings of peace and goodwill in Our<\/p>\n\t\t<\/div>\n\t\t\n\t\t<a class=\"elementor-post__read-more\" href=\"https:\/\/www.omaec.org\/en\/circular-from-the-president-of-omaec\/\" aria-label=\"Read more about CIRCULAR FROM THE PRESIDENT OF OMAEC\" >\n\t\t\tRead more \"\t\t<\/a>\n\n\t\t\t\t<\/div>\n\t\t\t\t<\/article>\n\t\t\t\t<article class=\"elementor-post elementor-grid-item post-21547 post type-post status-publish format-standard has-post-thumbnail hentry category-comunicados-en\">\n\t\t\t\t<a class=\"elementor-post__thumbnail__link\" href=\"https:\/\/www.omaec.org\/en\/estatus-consultivo-de-omaec\/\" >\n\t\t\t<div class=\"elementor-post__thumbnail\"><img loading=\"lazy\" decoding=\"async\" width=\"300\" height=\"199\" src=\"https:\/\/www.omaec.org\/wp-content\/uploads\/2026\/07\/LOGOS-NACIONES-UNIDAS-OMAEC-3-300x199.jpg\" class=\"attachment-medium size-medium wp-image-21534\" alt=\"\" srcset=\"https:\/\/www.omaec.org\/wp-content\/uploads\/2026\/07\/LOGOS-NACIONES-UNIDAS-OMAEC-3-300x199.jpg 300w, https:\/\/www.omaec.org\/wp-content\/uploads\/2026\/07\/LOGOS-NACIONES-UNIDAS-OMAEC-3.jpg 662w\" sizes=\"auto, (max-width: 300px) 100vw, 300px\" \/><\/div>\n\t\t<\/a>\n\t\t\t\t<div class=\"elementor-post__text\">\n\t\t\t\t<h3 class=\"elementor-post__title\">\n\t\t\t<a href=\"https:\/\/www.omaec.org\/en\/estatus-consultivo-de-omaec\/\" >\n\t\t\t\tCONSULTATIVE STATUS OF OMAEC\t\t\t<\/a>\n\t\t<\/h3>\n\t\t\t\t<div class=\"elementor-post__meta-data\">\n\t\t\t\t\t<span class=\"elementor-post-date\">\n\t\t\t23 July, 2026\t\t<\/span>\n\t\t\t\t<span class=\"elementor-post-avatar\">\n\t\t\tNo Comments\t\t<\/span>\n\t\t\t\t<\/div>\n\t\t\t\t<div class=\"elementor-post__excerpt\">\n\t\t\t<p>Dear NGO Representative, We are pleased to inform you that, following a recommendation from the Committee on Non-Governmental Organizations, the Economic and Social Council decided<\/p>\n\t\t<\/div>\n\t\t\n\t\t<a class=\"elementor-post__read-more\" href=\"https:\/\/www.omaec.org\/en\/estatus-consultivo-de-omaec\/\" aria-label=\"Read more about CONSULTATIVE STATUS OF OMAEC\" >\n\t\t\tRead more \"\t\t<\/a>\n\n\t\t\t\t<\/div>\n\t\t\t\t<\/article>\n\t\t\t\t<article class=\"elementor-post elementor-grid-item post-21479 post type-post status-publish format-standard has-post-thumbnail hentry category-conference-en\">\n\t\t\t\t<a class=\"elementor-post__thumbnail__link\" href=\"https:\/\/www.omaec.org\/en\/conclusions-and-commitments-following-the-xvi-world-congress-of-omaec\/\" >\n\t\t\t<div class=\"elementor-post__thumbnail\"><img loading=\"lazy\" decoding=\"async\" width=\"300\" height=\"240\" src=\"https:\/\/www.omaec.org\/wp-content\/uploads\/2026\/05\/ENG-Collage-de-Fotos-XVI-CONGRESO-MUNDIAL-OMAEC--300x240.png\" class=\"attachment-medium size-medium wp-image-21481\" alt=\"\" srcset=\"https:\/\/www.omaec.org\/wp-content\/uploads\/2026\/05\/ENG-Collage-de-Fotos-XVI-CONGRESO-MUNDIAL-OMAEC--300x240.png 300w, https:\/\/www.omaec.org\/wp-content\/uploads\/2026\/05\/ENG-Collage-de-Fotos-XVI-CONGRESO-MUNDIAL-OMAEC--1024x819.png 1024w, https:\/\/www.omaec.org\/wp-content\/uploads\/2026\/05\/ENG-Collage-de-Fotos-XVI-CONGRESO-MUNDIAL-OMAEC--768x614.png 768w, https:\/\/www.omaec.org\/wp-content\/uploads\/2026\/05\/ENG-Collage-de-Fotos-XVI-CONGRESO-MUNDIAL-OMAEC--1536x1229.png 1536w, https:\/\/www.omaec.org\/wp-content\/uploads\/2026\/05\/ENG-Collage-de-Fotos-XVI-CONGRESO-MUNDIAL-OMAEC--1170x936.png 1170w, https:\/\/www.omaec.org\/wp-content\/uploads\/2026\/05\/ENG-Collage-de-Fotos-XVI-CONGRESO-MUNDIAL-OMAEC-.png 2000w\" sizes=\"auto, (max-width: 300px) 100vw, 300px\" \/><\/div>\n\t\t<\/a>\n\t\t\t\t<div class=\"elementor-post__text\">\n\t\t\t\t<h3 class=\"elementor-post__title\">\n\t\t\t<a href=\"https:\/\/www.omaec.org\/en\/conclusions-and-commitments-following-the-xvi-world-congress-of-omaec\/\" >\n\t\t\t\tCONCLUSIONS AND COMMITMENTS FOLLOWING THE XVI WORLD CONGRESS OF OMAEC\t\t\t<\/a>\n\t\t<\/h3>\n\t\t\t\t<div class=\"elementor-post__meta-data\">\n\t\t\t\t\t<span class=\"elementor-post-date\">\n\t\t\t15 May, 2026\t\t<\/span>\n\t\t\t\t<span class=\"elementor-post-avatar\">\n\t\t\tNo Comments\t\t<\/span>\n\t\t\t\t<\/div>\n\t\t\t\t<div class=\"elementor-post__excerpt\">\n\t\t\t<p>The 16th World Congress of the OMAEC, \u201cUnited for Peace,\u201d Concludes Successfully in Santo Domingo \u2013 By Leonor Asilis* From April 30 to May 3,<\/p>\n\t\t<\/div>\n\t\t\n\t\t<a class=\"elementor-post__read-more\" href=\"https:\/\/www.omaec.org\/en\/conclusions-and-commitments-following-the-xvi-world-congress-of-omaec\/\" aria-label=\"Read more about CONCLUSIONS AND COMMITMENTS FOLLOWING THE XVI WORLD CONGRESS OF OMAEC\" >\n\t\t\tRead more \"\t\t<\/a>\n\n\t\t\t\t<\/div>\n\t\t\t\t<\/article>\n\t\t\t\t<\/div>\n\t\t\n\t\t\t\t<div class=\"e-load-more-anchor\" data-page=\"1\" data-max-page=\"80\" data-next-page=\"https:\/\/www.omaec.org\/en\/wp-json\/wp\/v2\/pages\/19040\/page\/2\/\"><\/div>\n\t\t\t\t<nav class=\"elementor-pagination\" aria-label=\"Pagination\">\n\t\t\t<span class=\"page-numbers prev\">\" Previous<\/span>\n<a class=\"page-numbers next\" href=\"https:\/\/www.omaec.org\/en\/wp-json\/wp\/v2\/pages\/19040\/page\/2\/\">Next \"<\/a>\t\t<\/nav>\n\t\t\t\t<\/div>\n\t\t\t\t<\/div>\n\t\t\t\t\t<\/div>\n\t\t<\/div>\n\t\t\t\t\t\t\t<\/div>\n\t\t<\/section>\n\t\t\t\t\t\t\t<\/div>\n\t\t","protected":false},"excerpt":{"rendered":"<p>International Relations Secretariat We maintain and strengthen our relations with international organizations in order to expand the network with new organizations and take advantage of the synergies and specializations that derive from them.<\/p>\n","protected":false},"author":1,"featured_media":0,"parent":0,"menu_order":0,"comment_status":"closed","ping_status":"closed","template":"elementor_header_footer","meta":{"footnotes":""},"class_list":["post-19040","page","type-page","status-publish","hentry"],"acf":[],"yoast_head":"<!-- This site is optimized with the Yoast SEO plugin v20.11 - https:\/\/yoast.com\/wordpress\/plugins\/seo\/ -->\n<title>International Relations Secretariat - Organizaci\u00f3n Mundial de Antiguos Alumnos de la Educaci\u00f3n Cat\u00f3lica<\/title>\n<meta name=\"robots\" content=\"index, follow, max-snippet:-1, max-image-preview:large, max-video-preview:-1\" \/>\n<link rel=\"canonical\" href=\"https:\/\/www.omaec.org\/en\/secretariat-of-international-relations\/\" \/>\n<meta property=\"og:locale\" content=\"en_US\" \/>\n<meta property=\"og:type\" content=\"article\" \/>\n<meta property=\"og:title\" content=\"International Relations Secretariat - Organizaci\u00f3n Mundial de Antiguos Alumnos de la Educaci\u00f3n Cat\u00f3lica\" \/>\n<meta property=\"og:description\" content=\"International Relations Secretariat We maintain and strengthen our relations with international organizations in order to expand the network with new organizations and take advantage of the synergies and specializations that derive from them.\" \/>\n<meta property=\"og:url\" content=\"https:\/\/www.omaec.org\/en\/secretariat-of-international-relations\/\" \/>\n<meta property=\"og:site_name\" content=\"Organizaci\u00f3n Mundial de Antiguos Alumnos de la Educaci\u00f3n Cat\u00f3lica\" \/>\n<meta property=\"article:modified_time\" content=\"2023-08-26T07:06:44+00:00\" \/>\n<meta name=\"twitter:card\" content=\"summary_large_image\" \/>\n<meta name=\"twitter:label1\" content=\"Est. reading time\" \/>\n\t<meta name=\"twitter:data1\" content=\"1 minute\" \/>\n<script type=\"application\/ld+json\" class=\"yoast-schema-graph\">{\"@context\":\"https:\/\/schema.org\",\"@graph\":[{\"@type\":\"WebPage\",\"@id\":\"https:\/\/www.omaec.org\/en\/secretariat-of-international-relations\/\",\"url\":\"https:\/\/www.omaec.org\/en\/secretariat-of-international-relations\/\",\"name\":\"International Relations Secretariat - Organizaci\u00f3n Mundial de Antiguos Alumnos de la Educaci\u00f3n Cat\u00f3lica\",\"isPartOf\":{\"@id\":\"https:\/\/www.omaec.org\/#website\"},\"datePublished\":\"2021-07-13T01:52:13+00:00\",\"dateModified\":\"2023-08-26T07:06:44+00:00\",\"breadcrumb\":{\"@id\":\"https:\/\/www.omaec.org\/en\/secretariat-of-international-relations\/#breadcrumb\"},\"inLanguage\":\"en-US\",\"potentialAction\":[{\"@type\":\"ReadAction\",\"target\":[\"https:\/\/www.omaec.org\/en\/secretariat-of-international-relations\/\"]}]},{\"@type\":\"BreadcrumbList\",\"@id\":\"https:\/\/www.omaec.org\/en\/secretariat-of-international-relations\/#breadcrumb\",\"itemListElement\":[{\"@type\":\"ListItem\",\"position\":1,\"name\":\"Portada\",\"item\":\"https:\/\/www.omaec.org\/en\/\"},{\"@type\":\"ListItem\",\"position\":2,\"name\":\"International Relations Secretariat\"}]},{\"@type\":\"WebSite\",\"@id\":\"https:\/\/www.omaec.org\/#website\",\"url\":\"https:\/\/www.omaec.org\/\",\"name\":\"Organizaci\u00f3n Mundial de Antiguos Alumnos de la Educaci\u00f3n Cat\u00f3lica\",\"description\":\"OMAEC\",\"publisher\":{\"@id\":\"https:\/\/www.omaec.org\/#organization\"},\"potentialAction\":[{\"@type\":\"SearchAction\",\"target\":{\"@type\":\"EntryPoint\",\"urlTemplate\":\"https:\/\/www.omaec.org\/?s={search_term_string}\"},\"query-input\":\"required name=search_term_string\"}],\"inLanguage\":\"en-US\"},{\"@type\":\"Organization\",\"@id\":\"https:\/\/www.omaec.org\/#organization\",\"name\":\"Organizaci\u00f3n Mundial de Antiguos Alumnos de la Educaci\u00f3n Cat\u00f3lica\",\"url\":\"https:\/\/www.omaec.org\/\",\"logo\":{\"@type\":\"ImageObject\",\"inLanguage\":\"en-US\",\"@id\":\"https:\/\/www.omaec.org\/#\/schema\/logo\/image\/\",\"url\":\"https:\/\/www.omaec.org\/wp-content\/uploads\/2021\/06\/OMAEC-LOGO-OFICIAL.jpg\",\"contentUrl\":\"https:\/\/www.omaec.org\/wp-content\/uploads\/2021\/06\/OMAEC-LOGO-OFICIAL.jpg\",\"width\":525,\"height\":452,\"caption\":\"Organizaci\u00f3n Mundial de Antiguos  Alumnos de la Educaci\u00f3n Cat\u00f3lica\"},\"image\":{\"@id\":\"https:\/\/www.omaec.org\/#\/schema\/logo\/image\/\"}}]}<\/script>\n<!-- \/ Yoast SEO plugin. -->","yoast_head_json":{"title":"International Relations Secretariat - Organizaci\u00f3n Mundial de Antiguos Alumnos de la Educaci\u00f3n Cat\u00f3lica","robots":{"index":"index","follow":"follow","max-snippet":"max-snippet:-1","max-image-preview":"max-image-preview:large","max-video-preview":"max-video-preview:-1"},"canonical":"https:\/\/www.omaec.org\/en\/secretariat-of-international-relations\/","og_locale":"en_US","og_type":"article","og_title":"International Relations Secretariat - Organizaci\u00f3n Mundial de Antiguos Alumnos de la Educaci\u00f3n Cat\u00f3lica","og_description":"International Relations Secretariat We maintain and strengthen our relations with international organizations in order to expand the network with new organizations and take advantage of the synergies and specializations that derive from them.","og_url":"https:\/\/www.omaec.org\/en\/secretariat-of-international-relations\/","og_site_name":"Organizaci\u00f3n Mundial de Antiguos Alumnos de la Educaci\u00f3n Cat\u00f3lica","article_modified_time":"2023-08-26T07:06:44+00:00","twitter_card":"summary_large_image","twitter_misc":{"Est. reading time":"1 minute"},"schema":{"@context":"https:\/\/schema.org","@graph":[{"@type":"WebPage","@id":"https:\/\/www.omaec.org\/en\/secretariat-of-international-relations\/","url":"https:\/\/www.omaec.org\/en\/secretariat-of-international-relations\/","name":"International Relations Secretariat - Organizaci\u00f3n Mundial de Antiguos Alumnos de la Educaci\u00f3n Cat\u00f3lica","isPartOf":{"@id":"https:\/\/www.omaec.org\/#website"},"datePublished":"2021-07-13T01:52:13+00:00","dateModified":"2023-08-26T07:06:44+00:00","breadcrumb":{"@id":"https:\/\/www.omaec.org\/en\/secretariat-of-international-relations\/#breadcrumb"},"inLanguage":"en-US","potentialAction":[{"@type":"ReadAction","target":["https:\/\/www.omaec.org\/en\/secretariat-of-international-relations\/"]}]},{"@type":"BreadcrumbList","@id":"https:\/\/www.omaec.org\/en\/secretariat-of-international-relations\/#breadcrumb","itemListElement":[{"@type":"ListItem","position":1,"name":"Portada","item":"https:\/\/www.omaec.org\/en\/"},{"@type":"ListItem","position":2,"name":"International Relations Secretariat"}]},{"@type":"WebSite","@id":"https:\/\/www.omaec.org\/#website","url":"https:\/\/www.omaec.org\/","name":"Organizaci\u00f3n Mundial de Antiguos Alumnos de la Educaci\u00f3n Cat\u00f3lica","description":"OMAEC","publisher":{"@id":"https:\/\/www.omaec.org\/#organization"},"potentialAction":[{"@type":"SearchAction","target":{"@type":"EntryPoint","urlTemplate":"https:\/\/www.omaec.org\/?s={search_term_string}"},"query-input":"required name=search_term_string"}],"inLanguage":"en-US"},{"@type":"Organization","@id":"https:\/\/www.omaec.org\/#organization","name":"Organizaci\u00f3n Mundial de Antiguos Alumnos de la Educaci\u00f3n Cat\u00f3lica","url":"https:\/\/www.omaec.org\/","logo":{"@type":"ImageObject","inLanguage":"en-US","@id":"https:\/\/www.omaec.org\/#\/schema\/logo\/image\/","url":"https:\/\/www.omaec.org\/wp-content\/uploads\/2021\/06\/OMAEC-LOGO-OFICIAL.jpg","contentUrl":"https:\/\/www.omaec.org\/wp-content\/uploads\/2021\/06\/OMAEC-LOGO-OFICIAL.jpg","width":525,"height":452,"caption":"Organizaci\u00f3n Mundial de Antiguos  Alumnos de la Educaci\u00f3n Cat\u00f3lica"},"image":{"@id":"https:\/\/www.omaec.org\/#\/schema\/logo\/image\/"}}]}},"_links":{"self":[{"href":"https:\/\/www.omaec.org\/en\/wp-json\/wp\/v2\/pages\/19040","targetHints":{"allow":["GET"]}}],"collection":[{"href":"https:\/\/www.omaec.org\/en\/wp-json\/wp\/v2\/pages"}],"about":[{"href":"https:\/\/www.omaec.org\/en\/wp-json\/wp\/v2\/types\/page"}],"author":[{"embeddable":true,"href":"https:\/\/www.omaec.org\/en\/wp-json\/wp\/v2\/users\/1"}],"replies":[{"embeddable":true,"href":"https:\/\/www.omaec.org\/en\/wp-json\/wp\/v2\/comments?post=19040"}],"version-history":[{"count":7,"href":"https:\/\/www.omaec.org\/en\/wp-json\/wp\/v2\/pages\/19040\/revisions"}],"predecessor-version":[{"id":19289,"href":"https:\/\/www.omaec.org\/en\/wp-json\/wp\/v2\/pages\/19040\/revisions\/19289"}],"wp:attachment":[{"href":"https:\/\/www.omaec.org\/en\/wp-json\/wp\/v2\/media?parent=19040"}],"curies":[{"name":"wp","href":"https:\/\/api.w.org\/{rel}","templated":true}]}}